{"id":50,"date":"2025-08-25T16:36:21","date_gmt":"2025-08-25T16:36:21","guid":{"rendered":"http:\/\/cmbenes.be\/?page_id=50"},"modified":"2026-01-22T12:44:45","modified_gmt":"2026-01-22T12:44:45","slug":"medecins-generalistes-3","status":"publish","type":"page","link":"https:\/\/cmbenes.be\/index.php\/medecins-generalistes-3\/","title":{"rendered":"M\u00e9decins g\u00e9n\u00e9ralistes"},"content":{"rendered":"\t\t<div data-elementor-type=\"wp-page\" data-elementor-id=\"50\" class=\"elementor elementor-50\">\n\t\t\t\t<div class=\"elementor-element elementor-element-4489e9c e-flex e-con-boxed e-con e-parent\" data-id=\"4489e9c\" data-element_type=\"container\" data-e-type=\"container\">\n\t\t\t\t\t<div class=\"e-con-inner\">\n\t\t<div class=\"elementor-element elementor-element-5e95e1e e-con-full e-flex e-con e-child\" data-id=\"5e95e1e\" data-element_type=\"container\" data-e-type=\"container\">\n\t\t\t\t<div class=\"elementor-element elementor-element-2315428 elementor-widget__width-initial elementor-widget elementor-widget-image\" data-id=\"2315428\" data-element_type=\"widget\" data-e-type=\"widget\" data-widget_type=\"image.default\">\n\t\t\t\t\t\t\t\t\t\t\t\t\t\t\t\t<a href=\"https:\/\/progenda.be\/calendars\/docteur-lambillotte-anne-catherine-medecine-generale-koekelberg\" target=\"_blank\">\n\t\t\t\t\t\t\t<img fetchpriority=\"high\" decoding=\"async\" width=\"625\" height=\"695\" src=\"https:\/\/cmbenes.be\/wp-content\/uploads\/2025\/08\/Anne-Catherine.jpg\" class=\"attachment-large size-large wp-image-209\" alt=\"\" srcset=\"https:\/\/cmbenes.be\/wp-content\/uploads\/2025\/08\/Anne-Catherine.jpg 625w, https:\/\/cmbenes.be\/wp-content\/uploads\/2025\/08\/Anne-Catherine-270x300.jpg 270w\" sizes=\"(max-width: 625px) 100vw, 625px\" \/>\t\t\t\t\t\t\t\t<\/a>\n\t\t\t\t\t\t\t\t\t\t\t\t\t\t\t<\/div>\n\t\t\t\t<\/div>\n\t\t<div class=\"elementor-element elementor-element-cf3145a e-con-full e-flex e-con e-child\" data-id=\"cf3145a\" data-element_type=\"container\" data-e-type=\"container\">\n\t\t\t\t<div class=\"elementor-element elementor-element-768e1c3 elementor-widget elementor-widget-heading\" data-id=\"768e1c3\" data-element_type=\"widget\" data-e-type=\"widget\" data-widget_type=\"heading.default\">\n\t\t\t\t\t<h2 class=\"elementor-heading-title elementor-size-default\"><a href=\"https:\/\/progenda.be\/calendars\/docteur-lambillotte-anne-catherine-medecine-generale-koekelberg\" target=\"_blank\">Dr Anne-Catherine Lambillotte<\/a><\/h2>\t\t\t\t<\/div>\n\t\t\t\t<div class=\"elementor-element elementor-element-68db417 elementor-widget elementor-widget-text-editor\" data-id=\"68db417\" data-element_type=\"widget\" data-e-type=\"widget\" data-widget_type=\"text-editor.default\">\n\t\t\t\t\t\t\t\t\t<p><a href=\"https:\/\/progenda.be\/calendars\/docteur-lambillotte-anne-catherine-medecine-generale-koekelberg\" target=\"_blank\" rel=\"noopener\">Consultation sur rendez-vous.\u00a0<\/a><\/p><p>Rendez-vous <a href=\"https:\/\/progenda.be\/calendars\/docteur-lambillotte-anne-catherine-medecine-generale-koekelberg\" target=\"_blank\" rel=\"noopener\">en ligne<\/a> ou par t\u00e9l\u00e9phone au 0475 93 46 42.\u00a0<\/p>\t\t\t\t\t\t\t\t<\/div>\n\t\t\t\t<div class=\"elementor-element elementor-element-39271f5 elementor-align-center elementor-widget elementor-widget-button\" data-id=\"39271f5\" data-element_type=\"widget\" data-e-type=\"widget\" data-widget_type=\"button.default\">\n\t\t\t\t\t\t\t\t\t\t<a class=\"elementor-button elementor-button-link elementor-size-sm\" href=\"https:\/\/progenda.be\/calendars\/docteur-lambillotte-anne-catherine-medecine-generale-koekelberg\">\n\t\t\t\t\t\t<span class=\"elementor-button-content-wrapper\">\n\t\t\t\t\t\t\t\t\t<span class=\"elementor-button-text\">Prendre rdv<\/span>\n\t\t\t\t\t<\/span>\n\t\t\t\t\t<\/a>\n\t\t\t\t\t\t\t\t<\/div>\n\t\t\t\t<\/div>\n\t\t\t\t\t<\/div>\n\t\t\t\t<\/div>\n\t\t<div class=\"elementor-element elementor-element-5c25b40 e-flex e-con-boxed e-con e-parent\" data-id=\"5c25b40\" data-element_type=\"container\" data-e-type=\"container\">\n\t\t\t\t\t<div class=\"e-con-inner\">\n\t\t<div class=\"elementor-element elementor-element-10ca40b e-con-full e-flex e-con e-child\" data-id=\"10ca40b\" data-element_type=\"container\" data-e-type=\"container\">\n\t\t\t\t<div class=\"elementor-element elementor-element-dec46f2 elementor-widget__width-initial elementor-widget elementor-widget-image\" data-id=\"dec46f2\" data-element_type=\"widget\" data-e-type=\"widget\" data-widget_type=\"image.default\">\n\t\t\t\t\t\t\t\t\t\t\t\t\t\t\t\t<a href=\"https:\/\/progenda.be\/calendars\/docteur-boucquey-marie-helene-medecine-generale-koekelberg-953c245e-f213-4cd5-9754-f9d9156c0ce1\" target=\"_blank\">\n\t\t\t\t\t\t\t<img decoding=\"async\" width=\"768\" height=\"1024\" src=\"https:\/\/cmbenes.be\/wp-content\/uploads\/2025\/08\/Photo-pro-768x1024.jpg\" class=\"attachment-large size-large wp-image-33\" alt=\"\" srcset=\"https:\/\/cmbenes.be\/wp-content\/uploads\/2025\/08\/Photo-pro-768x1024.jpg 768w, https:\/\/cmbenes.be\/wp-content\/uploads\/2025\/08\/Photo-pro-225x300.jpg 225w, https:\/\/cmbenes.be\/wp-content\/uploads\/2025\/08\/Photo-pro-1152x1536.jpg 1152w, https:\/\/cmbenes.be\/wp-content\/uploads\/2025\/08\/Photo-pro-1536x2048.jpg 1536w, https:\/\/cmbenes.be\/wp-content\/uploads\/2025\/08\/Photo-pro-scaled.jpg 1920w\" sizes=\"(max-width: 768px) 100vw, 768px\" \/>\t\t\t\t\t\t\t\t<\/a>\n\t\t\t\t\t\t\t\t\t\t\t\t\t\t\t<\/div>\n\t\t\t\t<\/div>\n\t\t<div class=\"elementor-element elementor-element-64f8c35 e-con-full e-flex e-con e-child\" data-id=\"64f8c35\" data-element_type=\"container\" data-e-type=\"container\">\n\t\t\t\t<div class=\"elementor-element elementor-element-e3d042b elementor-widget elementor-widget-heading\" data-id=\"e3d042b\" data-element_type=\"widget\" data-e-type=\"widget\" data-widget_type=\"heading.default\">\n\t\t\t\t\t<h2 class=\"elementor-heading-title elementor-size-default\"><a href=\"https:\/\/progenda.be\/calendars\/docteur-boucquey-marie-helene-medecine-generale-koekelberg-953c245e-f213-4cd5-9754-f9d9156c0ce1\" target=\"_blank\">Dr Marie-H\u00e9l\u00e8ne Boucquey<\/a><\/h2>\t\t\t\t<\/div>\n\t\t\t\t<div class=\"elementor-element elementor-element-c1e7608 elementor-widget elementor-widget-text-editor\" data-id=\"c1e7608\" data-element_type=\"widget\" data-e-type=\"widget\" data-widget_type=\"text-editor.default\">\n\t\t\t\t\t\t\t\t\t<p><a href=\"https:\/\/progenda.be\/calendars\/docteur-boucquey-marie-helene-medecine-generale-koekelberg-953c245e-f213-4cd5-9754-f9d9156c0ce1\" target=\"_blank\" rel=\"noopener\">Consultation sur rendez-vous.\u00a0<\/a><\/p><p>Rendez-vous <a href=\"https:\/\/progenda.be\/calendars\/docteur-boucquey-marie-helene-medecine-generale-koekelberg-953c245e-f213-4cd5-9754-f9d9156c0ce1\" target=\"_blank\" rel=\"noopener\">en ligne<\/a> ou par t\u00e9l\u00e9phone au 0491 11 43 86.\u00a0<\/p>\t\t\t\t\t\t\t\t<\/div>\n\t\t\t\t<div class=\"elementor-element elementor-element-29af22b elementor-align-center elementor-widget elementor-widget-button\" data-id=\"29af22b\" data-element_type=\"widget\" data-e-type=\"widget\" data-widget_type=\"button.default\">\n\t\t\t\t\t\t\t\t\t\t<a class=\"elementor-button elementor-button-link elementor-size-sm\" href=\"https:\/\/progenda.be\/calendars\/docteur-boucquey-marie-helene-medecine-generale-koekelberg-953c245e-f213-4cd5-9754-f9d9156c0ce1\">\n\t\t\t\t\t\t<span class=\"elementor-button-content-wrapper\">\n\t\t\t\t\t\t\t\t\t<span class=\"elementor-button-text\">Prendre rdv<\/span>\n\t\t\t\t\t<\/span>\n\t\t\t\t\t<\/a>\n\t\t\t\t\t\t\t\t<\/div>\n\t\t\t\t<\/div>\n\t\t\t\t\t<\/div>\n\t\t\t\t<\/div>\n\t\t<div class=\"elementor-element elementor-element-db04255 e-flex e-con-boxed e-con e-parent\" data-id=\"db04255\" data-element_type=\"container\" data-e-type=\"container\">\n\t\t\t\t\t<div class=\"e-con-inner\">\n\t\t<div class=\"elementor-element elementor-element-a314bd1 e-con-full e-flex e-con e-child\" data-id=\"a314bd1\" data-element_type=\"container\" data-e-type=\"container\">\n\t\t\t\t<div class=\"elementor-element elementor-element-e23ca13 elementor-widget__width-initial elementor-widget elementor-widget-image\" data-id=\"e23ca13\" data-element_type=\"widget\" data-e-type=\"widget\" data-widget_type=\"image.default\">\n\t\t\t\t\t\t\t\t\t\t\t\t\t\t\t\t<a href=\"https:\/\/progenda.be\/calendars\/docteur-cogniaux-valerie-medecine-generale-koekelberg\" target=\"_blank\">\n\t\t\t\t\t\t\t<img decoding=\"async\" width=\"500\" height=\"500\" src=\"https:\/\/cmbenes.be\/wp-content\/uploads\/2025\/08\/8dafd649-1665-4c74-8dcf-3192aed32f98.webp\" class=\"attachment-large size-large wp-image-34\" alt=\"\" srcset=\"https:\/\/cmbenes.be\/wp-content\/uploads\/2025\/08\/8dafd649-1665-4c74-8dcf-3192aed32f98.webp 500w, https:\/\/cmbenes.be\/wp-content\/uploads\/2025\/08\/8dafd649-1665-4c74-8dcf-3192aed32f98-300x300.webp 300w, https:\/\/cmbenes.be\/wp-content\/uploads\/2025\/08\/8dafd649-1665-4c74-8dcf-3192aed32f98-150x150.webp 150w\" sizes=\"(max-width: 500px) 100vw, 500px\" \/>\t\t\t\t\t\t\t\t<\/a>\n\t\t\t\t\t\t\t\t\t\t\t\t\t\t\t<\/div>\n\t\t\t\t<\/div>\n\t\t<div class=\"elementor-element elementor-element-fef48e2 e-con-full e-flex e-con e-child\" data-id=\"fef48e2\" data-element_type=\"container\" data-e-type=\"container\">\n\t\t\t\t<div class=\"elementor-element elementor-element-59ed795 elementor-widget elementor-widget-heading\" data-id=\"59ed795\" data-element_type=\"widget\" data-e-type=\"widget\" data-widget_type=\"heading.default\">\n\t\t\t\t\t<h2 class=\"elementor-heading-title elementor-size-default\"><a href=\"https:\/\/progenda.be\/calendars\/docteur-cogniaux-valerie-medecine-generale-koekelberg\" target=\"_blank\">Dr Val\u00e9rie Cogniaux<\/a><\/h2>\t\t\t\t<\/div>\n\t\t\t\t<div class=\"elementor-element elementor-element-4d440fd elementor-widget elementor-widget-text-editor\" data-id=\"4d440fd\" data-element_type=\"widget\" data-e-type=\"widget\" data-widget_type=\"text-editor.default\">\n\t\t\t\t\t\t\t\t\t<p><a href=\"https:\/\/progenda.be\/calendars\/docteur-cogniaux-valerie-medecine-generale-koekelberg\" target=\"_blank\" rel=\"noopener\">Consultation sur rendez-vous.\u00a0<\/a><\/p><p>Rendez-vous <a href=\"https:\/\/progenda.be\/calendars\/docteur-cogniaux-valerie-medecine-generale-koekelberg\" target=\"_blank\" rel=\"noopener\">en ligne<\/a> ou par t\u00e9l\u00e9phone au 0477 55 60 00.\u00a0<\/p>\t\t\t\t\t\t\t\t<\/div>\n\t\t\t\t<div class=\"elementor-element elementor-element-4f6ee85 elementor-align-center elementor-widget elementor-widget-button\" data-id=\"4f6ee85\" data-element_type=\"widget\" data-e-type=\"widget\" data-widget_type=\"button.default\">\n\t\t\t\t\t\t\t\t\t\t<a class=\"elementor-button elementor-button-link elementor-size-sm\" href=\"https:\/\/progenda.be\/calendars\/docteur-cogniaux-valerie-medecine-generale-koekelberg\">\n\t\t\t\t\t\t<span class=\"elementor-button-content-wrapper\">\n\t\t\t\t\t\t\t\t\t<span class=\"elementor-button-text\">Prendre rdv<\/span>\n\t\t\t\t\t<\/span>\n\t\t\t\t\t<\/a>\n\t\t\t\t\t\t\t\t<\/div>\n\t\t\t\t<\/div>\n\t\t\t\t\t<\/div>\n\t\t\t\t<\/div>\n\t\t\t\t<\/div>\n\t\t","protected":false},"excerpt":{"rendered":"<p>Dr Anne-Catherine Lambillotte Consultation sur rendez-vous.\u00a0 Rendez-vous en ligne ou par t\u00e9l\u00e9phone au 0475 93 46 42.\u00a0 Prendre rdv Dr Marie-H\u00e9l\u00e8ne Boucquey Consultation sur rendez-vous.\u00a0 Rendez-vous en ligne ou par t\u00e9l\u00e9phone au 0491 11 43 86.\u00a0 Prendre rdv Dr Val\u00e9rie Cogniaux Consultation sur rendez-vous.\u00a0 Rendez-vous en ligne ou par t\u00e9l\u00e9phone au 0477 55 60 00.\u00a0 [&hellip;]<\/p>\n","protected":false},"author":3,"featured_media":0,"parent":0,"menu_order":0,"comment_status":"closed","ping_status":"closed","template":"elementor_header_footer","meta":{"ocean_post_layout":"","ocean_both_sidebars_style":"","ocean_both_sidebars_content_width":0,"ocean_both_sidebars_sidebars_width":0,"ocean_sidebar":"","ocean_second_sidebar":"","ocean_disable_margins":"enable","ocean_add_body_class":"","ocean_shortcode_before_top_bar":"","ocean_shortcode_after_top_bar":"","ocean_shortcode_before_header":"","ocean_shortcode_after_header":"","ocean_has_shortcode":"","ocean_shortcode_after_title":"","ocean_shortcode_before_footer_widgets":"","ocean_shortcode_after_footer_widgets":"","ocean_shortcode_before_footer_bottom":"","ocean_shortcode_after_footer_bottom":"","ocean_display_top_bar":"default","ocean_display_header":"default","ocean_header_style":"","ocean_center_header_left_menu":"","ocean_custom_header_template":"","ocean_custom_logo":0,"ocean_custom_retina_logo":0,"ocean_custom_logo_max_width":0,"ocean_custom_logo_tablet_max_width":0,"ocean_custom_logo_mobile_max_width":0,"ocean_custom_logo_max_height":0,"ocean_custom_logo_tablet_max_height":0,"ocean_custom_logo_mobile_max_height":0,"ocean_header_custom_menu":"","ocean_menu_typo_font_family":"","ocean_menu_typo_font_subset":"","ocean_menu_typo_font_size":0,"ocean_menu_typo_font_size_tablet":0,"ocean_menu_typo_font_size_mobile":0,"ocean_menu_typo_font_size_unit":"px","ocean_menu_typo_font_weight":"","ocean_menu_typo_font_weight_tablet":"","ocean_menu_typo_font_weight_mobile":"","ocean_menu_typo_transform":"","ocean_menu_typo_transform_tablet":"","ocean_menu_typo_transform_mobile":"","ocean_menu_typo_line_height":0,"ocean_menu_typo_line_height_tablet":0,"ocean_menu_typo_line_height_mobile":0,"ocean_menu_typo_line_height_unit":"","ocean_menu_typo_spacing":0,"ocean_menu_typo_spacing_tablet":0,"ocean_menu_typo_spacing_mobile":0,"ocean_menu_typo_spacing_unit":"","ocean_menu_link_color":"","ocean_menu_link_color_hover":"","ocean_menu_link_color_active":"","ocean_menu_link_background":"","ocean_menu_link_hover_background":"","ocean_menu_link_active_background":"","ocean_menu_social_links_bg":"","ocean_menu_social_hover_links_bg":"","ocean_menu_social_links_color":"","ocean_menu_social_hover_links_color":"","ocean_disable_title":"default","ocean_disable_heading":"default","ocean_post_title":"","ocean_post_subheading":"","ocean_post_title_style":"","ocean_post_title_background_color":"","ocean_post_title_background":0,"ocean_post_title_bg_image_position":"","ocean_post_title_bg_image_attachment":"","ocean_post_title_bg_image_repeat":"","ocean_post_title_bg_image_size":"","ocean_post_title_height":0,"ocean_post_title_bg_overlay":0.5,"ocean_post_title_bg_overlay_color":"","ocean_disable_breadcrumbs":"default","ocean_breadcrumbs_color":"","ocean_breadcrumbs_separator_color":"","ocean_breadcrumbs_links_color":"","ocean_breadcrumbs_links_hover_color":"","ocean_display_footer_widgets":"default","ocean_display_footer_bottom":"default","ocean_custom_footer_template":"","footnotes":""},"class_list":["post-50","page","type-page","status-publish","hentry","entry"],"yoast_head":"<!-- This site is optimized with the Yoast SEO plugin v27.3 - https:\/\/yoast.com\/product\/yoast-seo-wordpress\/ -->\n<title>M\u00e9decins g\u00e9n\u00e9ralistes - Cabinet m\u00e9dical B\u00e9n\u00e8s<\/title>\n<meta name=\"robots\" content=\"index, follow, max-snippet:-1, max-image-preview:large, max-video-preview:-1\" \/>\n<link rel=\"canonical\" href=\"https:\/\/cmbenes.be\/index.php\/medecins-generalistes-3\/\" \/>\n<meta property=\"og:locale\" content=\"fr_FR\" \/>\n<meta property=\"og:type\" content=\"article\" \/>\n<meta property=\"og:title\" content=\"M\u00e9decins g\u00e9n\u00e9ralistes - Cabinet m\u00e9dical B\u00e9n\u00e8s\" \/>\n<meta property=\"og:description\" content=\"Dr Anne-Catherine Lambillotte Consultation sur rendez-vous.\u00a0 Rendez-vous en ligne ou par t\u00e9l\u00e9phone au 0475 93 46 42.\u00a0 Prendre rdv Dr Marie-H\u00e9l\u00e8ne Boucquey Consultation sur rendez-vous.\u00a0 Rendez-vous en ligne ou par t\u00e9l\u00e9phone au 0491 11 43 86.\u00a0 Prendre rdv Dr Val\u00e9rie Cogniaux Consultation sur rendez-vous.\u00a0 Rendez-vous en ligne ou par t\u00e9l\u00e9phone au 0477 55 60 00.\u00a0 [&hellip;]\" \/>\n<meta property=\"og:url\" content=\"https:\/\/cmbenes.be\/index.php\/medecins-generalistes-3\/\" \/>\n<meta property=\"og:site_name\" content=\"Cabinet m\u00e9dical B\u00e9n\u00e8s\" \/>\n<meta property=\"article:modified_time\" content=\"2026-01-22T12:44:45+00:00\" \/>\n<meta property=\"og:image\" content=\"https:\/\/cmbenes.be\/wp-content\/uploads\/2025\/08\/Anne-Catherine.jpg\" \/>\n\t<meta property=\"og:image:width\" content=\"625\" \/>\n\t<meta property=\"og:image:height\" content=\"695\" \/>\n\t<meta property=\"og:image:type\" content=\"image\/jpeg\" \/>\n<meta name=\"twitter:card\" content=\"summary_large_image\" \/>\n<meta name=\"twitter:label1\" content=\"Dur\u00e9e de lecture est.\" \/>\n\t<meta name=\"twitter:data1\" content=\"1 minute\" \/>\n<script type=\"application\/ld+json\" class=\"yoast-schema-graph\">{\"@context\":\"https:\\\/\\\/schema.org\",\"@graph\":[{\"@type\":\"WebPage\",\"@id\":\"https:\\\/\\\/cmbenes.be\\\/index.php\\\/medecins-generalistes-3\\\/\",\"url\":\"https:\\\/\\\/cmbenes.be\\\/index.php\\\/medecins-generalistes-3\\\/\",\"name\":\"M\u00e9decins g\u00e9n\u00e9ralistes - Cabinet m\u00e9dical B\u00e9n\u00e8s\",\"isPartOf\":{\"@id\":\"https:\\\/\\\/cmbenes.be\\\/#website\"},\"primaryImageOfPage\":{\"@id\":\"https:\\\/\\\/cmbenes.be\\\/index.php\\\/medecins-generalistes-3\\\/#primaryimage\"},\"image\":{\"@id\":\"https:\\\/\\\/cmbenes.be\\\/index.php\\\/medecins-generalistes-3\\\/#primaryimage\"},\"thumbnailUrl\":\"http:\\\/\\\/cmbenes.be\\\/wp-content\\\/uploads\\\/2025\\\/08\\\/Anne-Catherine.jpg\",\"datePublished\":\"2025-08-25T16:36:21+00:00\",\"dateModified\":\"2026-01-22T12:44:45+00:00\",\"breadcrumb\":{\"@id\":\"https:\\\/\\\/cmbenes.be\\\/index.php\\\/medecins-generalistes-3\\\/#breadcrumb\"},\"inLanguage\":\"fr-BE\",\"potentialAction\":[{\"@type\":\"ReadAction\",\"target\":[\"https:\\\/\\\/cmbenes.be\\\/index.php\\\/medecins-generalistes-3\\\/\"]}]},{\"@type\":\"ImageObject\",\"inLanguage\":\"fr-BE\",\"@id\":\"https:\\\/\\\/cmbenes.be\\\/index.php\\\/medecins-generalistes-3\\\/#primaryimage\",\"url\":\"https:\\\/\\\/cmbenes.be\\\/wp-content\\\/uploads\\\/2025\\\/08\\\/Anne-Catherine.jpg\",\"contentUrl\":\"https:\\\/\\\/cmbenes.be\\\/wp-content\\\/uploads\\\/2025\\\/08\\\/Anne-Catherine.jpg\",\"width\":625,\"height\":695},{\"@type\":\"BreadcrumbList\",\"@id\":\"https:\\\/\\\/cmbenes.be\\\/index.php\\\/medecins-generalistes-3\\\/#breadcrumb\",\"itemListElement\":[{\"@type\":\"ListItem\",\"position\":1,\"name\":\"Accueil\",\"item\":\"https:\\\/\\\/cmbenes.be\\\/\"},{\"@type\":\"ListItem\",\"position\":2,\"name\":\"M\u00e9decins g\u00e9n\u00e9ralistes\"}]},{\"@type\":\"WebSite\",\"@id\":\"https:\\\/\\\/cmbenes.be\\\/#website\",\"url\":\"https:\\\/\\\/cmbenes.be\\\/\",\"name\":\"Cabinet m\u00e9dical B\u00e9n\u00e8s\",\"description\":\"\",\"publisher\":{\"@id\":\"https:\\\/\\\/cmbenes.be\\\/#organization\"},\"potentialAction\":[{\"@type\":\"SearchAction\",\"target\":{\"@type\":\"EntryPoint\",\"urlTemplate\":\"https:\\\/\\\/cmbenes.be\\\/?s={search_term_string}\"},\"query-input\":{\"@type\":\"PropertyValueSpecification\",\"valueRequired\":true,\"valueName\":\"search_term_string\"}}],\"inLanguage\":\"fr-BE\"},{\"@type\":\"Organization\",\"@id\":\"https:\\\/\\\/cmbenes.be\\\/#organization\",\"name\":\"Cabinet m\u00e9dical B\u00e9n\u00e8s\",\"url\":\"https:\\\/\\\/cmbenes.be\\\/\",\"logo\":{\"@type\":\"ImageObject\",\"inLanguage\":\"fr-BE\",\"@id\":\"https:\\\/\\\/cmbenes.be\\\/#\\\/schema\\\/logo\\\/image\\\/\",\"url\":\"https:\\\/\\\/cmbenes.be\\\/wp-content\\\/uploads\\\/2025\\\/08\\\/cropped-Design-sans-titre-1.jpg\",\"contentUrl\":\"https:\\\/\\\/cmbenes.be\\\/wp-content\\\/uploads\\\/2025\\\/08\\\/cropped-Design-sans-titre-1.jpg\",\"width\":433,\"height\":164,\"caption\":\"Cabinet m\u00e9dical B\u00e9n\u00e8s\"},\"image\":{\"@id\":\"https:\\\/\\\/cmbenes.be\\\/#\\\/schema\\\/logo\\\/image\\\/\"}}]}<\/script>\n<!-- \/ Yoast SEO plugin. -->","yoast_head_json":{"title":"M\u00e9decins g\u00e9n\u00e9ralistes - Cabinet m\u00e9dical B\u00e9n\u00e8s","robots":{"index":"index","follow":"follow","max-snippet":"max-snippet:-1","max-image-preview":"max-image-preview:large","max-video-preview":"max-video-preview:-1"},"canonical":"https:\/\/cmbenes.be\/index.php\/medecins-generalistes-3\/","og_locale":"fr_FR","og_type":"article","og_title":"M\u00e9decins g\u00e9n\u00e9ralistes - Cabinet m\u00e9dical B\u00e9n\u00e8s","og_description":"Dr Anne-Catherine Lambillotte Consultation sur rendez-vous.\u00a0 Rendez-vous en ligne ou par t\u00e9l\u00e9phone au 0475 93 46 42.\u00a0 Prendre rdv Dr Marie-H\u00e9l\u00e8ne Boucquey Consultation sur rendez-vous.\u00a0 Rendez-vous en ligne ou par t\u00e9l\u00e9phone au 0491 11 43 86.\u00a0 Prendre rdv Dr Val\u00e9rie Cogniaux Consultation sur rendez-vous.\u00a0 Rendez-vous en ligne ou par t\u00e9l\u00e9phone au 0477 55 60 00.\u00a0 [&hellip;]","og_url":"https:\/\/cmbenes.be\/index.php\/medecins-generalistes-3\/","og_site_name":"Cabinet m\u00e9dical B\u00e9n\u00e8s","article_modified_time":"2026-01-22T12:44:45+00:00","og_image":[{"width":625,"height":695,"url":"https:\/\/cmbenes.be\/wp-content\/uploads\/2025\/08\/Anne-Catherine.jpg","type":"image\/jpeg"}],"twitter_card":"summary_large_image","twitter_misc":{"Dur\u00e9e de lecture est.":"1 minute"},"schema":{"@context":"https:\/\/schema.org","@graph":[{"@type":"WebPage","@id":"https:\/\/cmbenes.be\/index.php\/medecins-generalistes-3\/","url":"https:\/\/cmbenes.be\/index.php\/medecins-generalistes-3\/","name":"M\u00e9decins g\u00e9n\u00e9ralistes - Cabinet m\u00e9dical B\u00e9n\u00e8s","isPartOf":{"@id":"https:\/\/cmbenes.be\/#website"},"primaryImageOfPage":{"@id":"https:\/\/cmbenes.be\/index.php\/medecins-generalistes-3\/#primaryimage"},"image":{"@id":"https:\/\/cmbenes.be\/index.php\/medecins-generalistes-3\/#primaryimage"},"thumbnailUrl":"http:\/\/cmbenes.be\/wp-content\/uploads\/2025\/08\/Anne-Catherine.jpg","datePublished":"2025-08-25T16:36:21+00:00","dateModified":"2026-01-22T12:44:45+00:00","breadcrumb":{"@id":"https:\/\/cmbenes.be\/index.php\/medecins-generalistes-3\/#breadcrumb"},"inLanguage":"fr-BE","potentialAction":[{"@type":"ReadAction","target":["https:\/\/cmbenes.be\/index.php\/medecins-generalistes-3\/"]}]},{"@type":"ImageObject","inLanguage":"fr-BE","@id":"https:\/\/cmbenes.be\/index.php\/medecins-generalistes-3\/#primaryimage","url":"https:\/\/cmbenes.be\/wp-content\/uploads\/2025\/08\/Anne-Catherine.jpg","contentUrl":"https:\/\/cmbenes.be\/wp-content\/uploads\/2025\/08\/Anne-Catherine.jpg","width":625,"height":695},{"@type":"BreadcrumbList","@id":"https:\/\/cmbenes.be\/index.php\/medecins-generalistes-3\/#breadcrumb","itemListElement":[{"@type":"ListItem","position":1,"name":"Accueil","item":"https:\/\/cmbenes.be\/"},{"@type":"ListItem","position":2,"name":"M\u00e9decins g\u00e9n\u00e9ralistes"}]},{"@type":"WebSite","@id":"https:\/\/cmbenes.be\/#website","url":"https:\/\/cmbenes.be\/","name":"Cabinet m\u00e9dical B\u00e9n\u00e8s","description":"","publisher":{"@id":"https:\/\/cmbenes.be\/#organization"},"potentialAction":[{"@type":"SearchAction","target":{"@type":"EntryPoint","urlTemplate":"https:\/\/cmbenes.be\/?s={search_term_string}"},"query-input":{"@type":"PropertyValueSpecification","valueRequired":true,"valueName":"search_term_string"}}],"inLanguage":"fr-BE"},{"@type":"Organization","@id":"https:\/\/cmbenes.be\/#organization","name":"Cabinet m\u00e9dical B\u00e9n\u00e8s","url":"https:\/\/cmbenes.be\/","logo":{"@type":"ImageObject","inLanguage":"fr-BE","@id":"https:\/\/cmbenes.be\/#\/schema\/logo\/image\/","url":"https:\/\/cmbenes.be\/wp-content\/uploads\/2025\/08\/cropped-Design-sans-titre-1.jpg","contentUrl":"https:\/\/cmbenes.be\/wp-content\/uploads\/2025\/08\/cropped-Design-sans-titre-1.jpg","width":433,"height":164,"caption":"Cabinet m\u00e9dical B\u00e9n\u00e8s"},"image":{"@id":"https:\/\/cmbenes.be\/#\/schema\/logo\/image\/"}}]}},"_links":{"self":[{"href":"https:\/\/cmbenes.be\/index.php\/wp-json\/wp\/v2\/pages\/50","targetHints":{"allow":["GET"]}}],"collection":[{"href":"https:\/\/cmbenes.be\/index.php\/wp-json\/wp\/v2\/pages"}],"about":[{"href":"https:\/\/cmbenes.be\/index.php\/wp-json\/wp\/v2\/types\/page"}],"author":[{"embeddable":true,"href":"https:\/\/cmbenes.be\/index.php\/wp-json\/wp\/v2\/users\/3"}],"replies":[{"embeddable":true,"href":"https:\/\/cmbenes.be\/index.php\/wp-json\/wp\/v2\/comments?post=50"}],"version-history":[{"count":52,"href":"https:\/\/cmbenes.be\/index.php\/wp-json\/wp\/v2\/pages\/50\/revisions"}],"predecessor-version":[{"id":264,"href":"https:\/\/cmbenes.be\/index.php\/wp-json\/wp\/v2\/pages\/50\/revisions\/264"}],"wp:attachment":[{"href":"https:\/\/cmbenes.be\/index.php\/wp-json\/wp\/v2\/media?parent=50"}],"curies":[{"name":"wp","href":"https:\/\/api.w.org\/{rel}","templated":true}]}}